{"id":244501,"date":"2025-09-02T15:40:13","date_gmt":"2025-09-02T18:40:13","guid":{"rendered":"https:\/\/encontropilates.com.br\/lancamento2026\/?page_id=244501"},"modified":"2025-10-27T09:47:27","modified_gmt":"2025-10-27T12:47:27","slug":"pilates-legend-2026","status":"publish","type":"page","link":"https:\/\/encontropilates.com.br\/lancamento2026\/pilates-legend-2026\/","title":{"rendered":"Pilates Legend 2026"},"content":{"rendered":"<p>[et_pb_section fb_built=&#8221;1&#8243; _builder_version=&#8221;4.27.4&#8243; _module_preset=&#8221;default&#8221; background_image=&#8221;https:\/\/encontropilates.com.br\/lancamento2026\/wp-content\/uploads\/2025\/09\/background_pilates_legend_2026.jpg&#8221; background_position=&#8221;bottom_center&#8221; custom_padding=&#8221;40px||140px||false|&#8221; background_last_edited=&#8221;on|phone&#8221; background_image_phone=&#8221;https:\/\/encontropilates.com.br\/lancamento2026\/wp-content\/uploads\/2025\/09\/background_pilates_legend_2026.jpg&#8221; background_enable_image_phone=&#8221;on&#8221; global_colors_info=&#8221;{}&#8221;][et_pb_row custom_padding_last_edited=&#8221;on|phone&#8221; _builder_version=&#8221;4.27.4&#8243; _module_preset=&#8221;default&#8221; width=&#8221;100%&#8221; custom_margin=&#8221;||40px||false|false&#8221; custom_margin_tablet=&#8221;||40px||false|false&#8221; custom_margin_phone=&#8221;||30px||false|false&#8221; custom_margin_last_edited=&#8221;on|phone&#8221; custom_padding=&#8221;0px||0px||true|false&#8221; custom_padding_tablet=&#8221;0px||0px||true|false&#8221; custom_padding_phone=&#8221;0px|25px|0px|25px|true|true&#8221; global_colors_info=&#8221;{}&#8221;][et_pb_column type=&#8221;4_4&#8243; _builder_version=&#8221;4.27.4&#8243; _module_preset=&#8221;default&#8221; global_colors_info=&#8221;{}&#8221;][et_pb_image src=&#8221;https:\/\/encontropilates.com.br\/lancamento2026\/wp-content\/uploads\/2025\/09\/palestrantes_legend2026.png&#8221; show_bottom_space=&#8221;off&#8221; align=&#8221;center&#8221; _builder_version=&#8221;4.27.4&#8243; _module_preset=&#8221;default&#8221; max_width=&#8221;700px&#8221; module_alignment=&#8221;center&#8221; custom_margin=&#8221;||0px||false|false&#8221; global_colors_info=&#8221;{}&#8221;][\/et_pb_image][et_pb_image src=&#8221;https:\/\/encontropilates.com.br\/lancamento2026\/wp-content\/uploads\/2025\/09\/logo_pilates_legend_2026.png&#8221; align=&#8221;center&#8221; _builder_version=&#8221;4.27.4&#8243; _module_preset=&#8221;default&#8221; max_width=&#8221;500px&#8221; module_alignment=&#8221;center&#8221; custom_margin=&#8221;-30px||||false|false&#8221; global_colors_info=&#8221;{}&#8221;][\/et_pb_image][\/et_pb_column][\/et_pb_row][et_pb_row column_structure=&#8221;1_2,1_2&#8243; use_custom_gutter=&#8221;on&#8221; gutter_width=&#8221;2&#8243; custom_padding_last_edited=&#8221;on|phone&#8221; _builder_version=&#8221;4.27.4&#8243; _module_preset=&#8221;default&#8221; width=&#8221;100%&#8221; max_width=&#8221;800px&#8221; module_alignment=&#8221;center&#8221; custom_margin=&#8221;||35px||false|false&#8221; custom_margin_tablet=&#8221;||35px||false|false&#8221; custom_margin_phone=&#8221;||15px||false|false&#8221; custom_margin_last_edited=&#8221;on|phone&#8221; custom_padding=&#8221;0px||0px||true|false&#8221; custom_padding_tablet=&#8221;0px||0px||true|false&#8221; custom_padding_phone=&#8221;0px|30px|0px|30px|true|true&#8221; custom_css_main_element=&#8221;display: flex;||flex-direction: row;||justify-content: center;||align-items: center;||flex-wrap: wrap;&#8221; global_colors_info=&#8221;{}&#8221;][et_pb_column type=&#8221;1_2&#8243; _builder_version=&#8221;4.27.4&#8243; _module_preset=&#8221;default&#8221; global_colors_info=&#8221;{}&#8221;][et_pb_text _builder_version=&#8221;4.27.4&#8243; _module_preset=&#8221;default&#8221; text_font=&#8221;Montserrat|300|||||||&#8221; text_font_size=&#8221;15px&#8221; header_font=&#8221;Montserrat|300|||||||&#8221; header_text_align=&#8221;center&#8221; header_text_color=&#8221;#FFFFFF&#8221; header_font_size=&#8221;26px&#8221; header_line_height=&#8221;1.3em&#8221; max_width=&#8221;450px&#8221; module_alignment=&#8221;center&#8221; custom_margin=&#8221;||10px||false|false&#8221; header_font_size_tablet=&#8221;26px&#8221; header_font_size_phone=&#8221;22px&#8221; header_font_size_last_edited=&#8221;on|phone&#8221; global_colors_info=&#8221;{}&#8221;]<\/p>\n<h1><span style=\"color: #ba7d20; font-weight: bold;\">Pr\u00e9-Confer\u00eancia Exclusiva<\/span> para congressistas <span style=\"color: #ba7d20; font-weight: bold;\">categoria VIP<\/span> dentro do Encontro Brasileiro de Pilates<\/h1>\n<p>[\/et_pb_text][\/et_pb_column][et_pb_column type=&#8221;1_2&#8243; _builder_version=&#8221;4.27.4&#8243; _module_preset=&#8221;default&#8221; global_colors_info=&#8221;{}&#8221;][et_pb_text _builder_version=&#8221;4.27.4&#8243; _module_preset=&#8221;default&#8221; text_font=&#8221;Open Sans|700|||||||&#8221; text_text_color=&#8221;#FFFFFF&#8221; text_font_size=&#8221;27px&#8221; text_line_height=&#8221;1.5em&#8221; text_orientation=&#8221;center&#8221; custom_margin=&#8221;||20px||false|false&#8221; text_font_size_tablet=&#8221;27px&#8221; text_font_size_phone=&#8221;22px&#8221; text_font_size_last_edited=&#8221;on|phone&#8221; global_colors_info=&#8221;{}&#8221;]<\/p>\n<p><span style=\"color: #ba7d20; font-size: 1.7em;\">27<\/span> de agosto de 2026<\/p>\n<p>[\/et_pb_text][et_pb_blurb title=&#8221;Expo Dom Pedro, Campinas, SP&#8221; image=&#8221;https:\/\/encontropilates.com.br\/lancamento2026\/wp-content\/uploads\/2025\/09\/pointer_vermelho.png&#8221; icon_placement=&#8221;left&#8221; image_icon_width=&#8221;30px&#8221; content_max_width=&#8221;220px&#8221; image_icon_width_tablet=&#8221;30px&#8221; image_icon_width_phone=&#8221;24px&#8221; image_icon_width_last_edited=&#8221;on|phone&#8221; content_max_width_tablet=&#8221;220px&#8221; content_max_width_phone=&#8221;320px&#8221; content_max_width_last_edited=&#8221;on|phone&#8221; _builder_version=&#8221;4.27.4&#8243; _module_preset=&#8221;default&#8221; header_level=&#8221;h3&#8243; header_font=&#8221;Open Sans|300|||||||&#8221; header_text_align=&#8221;left&#8221; header_text_color=&#8221;#FFFFFF&#8221; header_line_height=&#8221;1.5em&#8221; module_alignment=&#8221;center&#8221; custom_margin=&#8221;||10px||false|false&#8221; header_font_size_tablet=&#8221;&#8221; header_font_size_phone=&#8221;19px&#8221; header_font_size_last_edited=&#8221;on|phone&#8221; global_colors_info=&#8221;{}&#8221;][\/et_pb_blurb][\/et_pb_column][\/et_pb_row][et_pb_row custom_padding_last_edited=&#8221;on|phone&#8221; _builder_version=&#8221;4.27.4&#8243; _module_preset=&#8221;default&#8221; width=&#8221;100%&#8221; custom_padding=&#8221;0px||0px||true|false&#8221; custom_padding_tablet=&#8221;0px||0px||true|false&#8221; custom_padding_phone=&#8221;0px|30px|0px|30px|true|true&#8221; global_colors_info=&#8221;{}&#8221;][et_pb_column type=&#8221;4_4&#8243; _builder_version=&#8221;4.27.4&#8243; _module_preset=&#8221;default&#8221; global_colors_info=&#8221;{}&#8221;][et_pb_button button_url=&#8221;#&#8221; button_text=&#8221;VAGAS ESGOTADAS&#8221; button_alignment=&#8221;center&#8221; _builder_version=&#8221;4.27.4&#8243; _module_preset=&#8221;default&#8221; custom_button=&#8221;on&#8221; button_text_size=&#8221;22px&#8221; button_text_color=&#8221;#000000&#8243; button_bg_color=&#8221;#db931e&#8221; button_border_color=&#8221;#db931e&#8221; button_font=&#8221;|800|||||||&#8221; button_use_icon=&#8221;off&#8221; hover_transition_duration=&#8221;250ms&#8221; hover_transition_speed_curve=&#8221;ease-in-out&#8221; hover_enabled=&#8221;0&#8243; button_text_size_tablet=&#8221;22px&#8221; button_text_size_phone=&#8221;18px&#8221; button_text_size_last_edited=&#8221;on|phone&#8221; box_shadow_style=&#8221;preset2&#8243; global_colors_info=&#8221;{}&#8221; button_border_color__hover_enabled=&#8221;on|desktop&#8221; button_bg_color__hover_enabled=&#8221;on|desktop&#8221; button_bg_color__hover=&#8221;#f2a023&#8243; button_bg_enable_color__hover=&#8221;on&#8221; button_border_color__hover=&#8221;#f2a023&#8243; transform_styles__hover_enabled=&#8221;on|hover&#8221; transform_scale__hover_enabled=&#8221;on|hover&#8221; transform_translate__hover_enabled=&#8221;on|hover&#8221; transform_rotate__hover_enabled=&#8221;on|hover&#8221; transform_skew__hover_enabled=&#8221;on|hover&#8221; transform_origin__hover_enabled=&#8221;on|hover&#8221; transform_scale__hover=&#8221;105%|105%&#8221; sticky_enabled=&#8221;0&#8243;][\/et_pb_button][\/et_pb_column][\/et_pb_row][\/et_pb_section][et_pb_section fb_built=&#8221;1&#8243; _builder_version=&#8221;4.27.4&#8243; _module_preset=&#8221;default&#8221; background_color=&#8221;#ffffff&#8221; custom_padding=&#8221;0px||40px||false|&#8221; global_colors_info=&#8221;{}&#8221;][et_pb_row custom_padding_last_edited=&#8221;on|phone&#8221; _builder_version=&#8221;4.27.4&#8243; _module_preset=&#8221;default&#8221; width=&#8221;100%&#8221; width_tablet=&#8221;&#8221; width_phone=&#8221;100%&#8221; width_last_edited=&#8221;on|phone&#8221; max_width=&#8221;860px&#8221; module_alignment=&#8221;center&#8221; custom_padding=&#8221;0px||0px||true|false&#8221; custom_padding_tablet=&#8221;0px|20px|0px|20px|true|true&#8221; custom_padding_phone=&#8221;0px|20px|0px|20px|true|true&#8221; global_colors_info=&#8221;{}&#8221;][et_pb_column type=&#8221;4_4&#8243; _builder_version=&#8221;4.27.2&#8243; _module_preset=&#8221;default&#8221; global_colors_info=&#8221;{}&#8221;][et_pb_image src=&#8221;https:\/\/encontropilates.com.br\/lancamento2026\/wp-content\/uploads\/2025\/09\/traducao_simultanea_nacionalidades.png&#8221; align=&#8221;center&#8221; disabled_on=&#8221;off|off|off&#8221; _builder_version=&#8221;4.27.4&#8243; _module_preset=&#8221;default&#8221; max_width=&#8221;800px&#8221; module_alignment=&#8221;center&#8221; custom_margin=&#8221;-90px||50px||false|false&#8221; custom_margin_tablet=&#8221;-73px||45px||false|false&#8221; custom_margin_phone=&#8221;-47px||45px||false|false&#8221; custom_margin_last_edited=&#8221;on|phone&#8221; global_colors_info=&#8221;{}&#8221;][\/et_pb_image][et_pb_text _builder_version=&#8221;4.27.4&#8243; _module_preset=&#8221;default&#8221; header_2_font=&#8221;|800|||||||&#8221; header_2_text_align=&#8221;center&#8221; header_2_text_color=&#8221;#ba7d20&#8243; header_2_font_size=&#8221;33px&#8221; header_2_line_height=&#8221;1.3em&#8221; module_alignment=&#8221;center&#8221; custom_margin=&#8221;||25px||false|false&#8221; header_2_font_size_tablet=&#8221;30px&#8221; header_2_font_size_phone=&#8221;28px&#8221; header_2_font_size_last_edited=&#8221;on|phone&#8221; global_colors_info=&#8221;{}&#8221;]<\/p>\n<h2>PROGRAMA\u00c7\u00c3O PILATES LEGEND 2026<\/h2>\n<p>[\/et_pb_text][dvmd_table_maker tbl_row_header_count=&#8221;0&#8243; tbl_responsive_break_by=&#8221;row&#8221; tbl_frame_gap_col=&#8221;5px&#8221; tbl_frame_gap_row=&#8221;5px&#8221; tbl_tcell_cell_color=&#8221;#ba7d20&#8243; tbl_tcell_cell_align_horz=&#8221;center&#8221; tbl_tcell_cell_align_vert=&#8221;center&#8221; tbl_tcell_cell_padding=&#8221;15px|15px|15px|15px|true|true&#8221; tbl_chead_cell_color=&#8221;#000000&#8243; tbl_chead_cell_align_horz=&#8221;center&#8221; tbl_chead_cell_align_vert=&#8221;center&#8221; tbl_chead_cell_padding=&#8221;15px||15px||true|false&#8221; tbl_chead_text_level_active=&#8221;on&#8221; _builder_version=&#8221;4.27.4&#8243; _module_preset=&#8221;default&#8221; tbl_tcell_text_font=&#8221;|300|||||||&#8221; tbl_tcell_text_text_color=&#8221;#FFFFFF&#8221; tbl_tcell_text_font_size=&#8221;19px&#8221; tbl_tcell_text_line_height=&#8221;1.3em&#8221; tbl_chead_text_font=&#8221;&#8211;et_global_body_font|300|||||||&#8221; tbl_chead_text_text_color=&#8221;#ba7d20&#8243; tbl_chead_text_font_size=&#8221;20px&#8221; custom_margin=&#8221;||30px||false|false&#8221; tbl_tcell_text_font_size_tablet=&#8221;19px&#8221; tbl_tcell_text_font_size_phone=&#8221;17px&#8221; tbl_tcell_text_font_size_last_edited=&#8221;on|phone&#8221; tbl_chead_text_font_size_tablet=&#8221;20px&#8221; tbl_chead_text_font_size_phone=&#8221;18px&#8221; tbl_chead_text_font_size_last_edited=&#8221;on|phone&#8221; global_colors_info=&#8221;{}&#8221;][dvmd_table_maker_item col_label=&#8221;Hor\u00e1rio&#8221; col_content=&#8221;Hor\u00e1rio<br \/>\n9h \u00e0s 12h<br \/>\n12h \u00e0s 14h<br \/>\n14h \u00e0s 17h&#8221; col_column_max_width=&#8221;0.4fr&#8221; col_tcell_cell_color=&#8221;#e0e0e0&#8243; _builder_version=&#8221;4.27.4&#8243; _module_preset=&#8221;default&#8221; col_tcell_text_font=&#8221;|700|||||||&#8221; col_tcell_text_text_color=&#8221;#000000&#8243; global_colors_info=&#8221;{}&#8221;][\/dvmd_table_maker_item][dvmd_table_maker_item col_label=&#8221;Sala 1&#8243; col_content=&#8221;Sala 1 | <span style=%22color: #fff; font-weight: bold;%22>Lisa Hubbard<\/span><br \/>\nReformer Remix: Inspirando sequ\u00eancias desafiadoras com pequenos acess\u00f3rios<br \/>\n<cell colspan=%222%22><strong>INTERVALO<\/strong><\/cell><br \/>\nReformer Remix: Inspirando sequ\u00eancias desafiadoras com pequenos acess\u00f3rios&#8221; _builder_version=&#8221;4.27.4&#8243; _module_preset=&#8221;default&#8221; global_colors_info=&#8221;{}&#8221;][\/dvmd_table_maker_item][dvmd_table_maker_item col_label=&#8221;Sala 2&#8243; col_content=&#8221;Sala 2 | <span style=%22color: #fff; font-weight: bold;%22>Glaucia Adriana<\/span><br \/>\nO Legado de Lolita San Miguel &#8211; Participa\u00e7\u00e3o Especial de Lolita<\/p>\n<p>O Legado de Lolita San Miguel &#8211; Participa\u00e7\u00e3o Especial de Lolita&#8221; _builder_version=&#8221;4.27.4&#8243; _module_preset=&#8221;default&#8221; global_colors_info=&#8221;{}&#8221;][\/dvmd_table_maker_item][\/dvmd_table_maker][et_pb_text _builder_version=&#8221;4.27.4&#8243; _module_preset=&#8221;default&#8221; text_font=&#8221;Open Sans||||||||&#8221; text_text_color=&#8221;#000000&#8243; text_font_size=&#8221;24px&#8221; text_line_height=&#8221;1.3em&#8221; header_3_font=&#8221;Open Sans|700|||||||&#8221; header_3_text_align=&#8221;center&#8221; header_3_text_color=&#8221;#ba7d20&#8243; header_3_font_size=&#8221;28px&#8221; header_3_line_height=&#8221;1.2em&#8221; text_orientation=&#8221;center&#8221; max_width=&#8221;780px&#8221; module_alignment=&#8221;center&#8221; custom_margin=&#8221;||25px||false|false&#8221; animation_style=&#8221;slide&#8221; animation_direction=&#8221;bottom&#8221; animation_duration=&#8221;800ms&#8221; animation_intensity_slide=&#8221;25%&#8221; text_font_size_tablet=&#8221;22px&#8221; text_font_size_phone=&#8221;18px&#8221; text_font_size_last_edited=&#8221;on|phone&#8221; header_3_font_size_tablet=&#8221;28px&#8221; header_3_font_size_phone=&#8221;24px&#8221; header_3_font_size_last_edited=&#8221;on|phone&#8221; animation_starting_opacity_last_edited=&#8221;off|desktop&#8221; global_colors_info=&#8221;{}&#8221;]<\/p>\n<h3>De manh\u00e3 com uma profissional e a tarde com outra!<\/h3>\n<p>Demais, n\u00e9? Essa \u00e9 a edi\u00e7\u00e3o especial 2026.<\/p>\n<p>[\/et_pb_text][et_pb_button button_url=&#8221;#&#8221; button_text=&#8221;VAGAS ESGOTADAS&#8221; button_alignment=&#8221;center&#8221; _builder_version=&#8221;4.27.4&#8243; _module_preset=&#8221;default&#8221; custom_button=&#8221;on&#8221; button_text_size=&#8221;22px&#8221; button_text_color=&#8221;#FFFFFF&#8221; button_bg_color=&#8221;#5e0000&#8243; button_border_color=&#8221;#5e0000&#8243; button_font=&#8221;|800|||||||&#8221; button_use_icon=&#8221;off&#8221; hover_transition_duration=&#8221;250ms&#8221; hover_transition_speed_curve=&#8221;ease-in-out&#8221; hover_enabled=&#8221;0&#8243; button_text_size_tablet=&#8221;22px&#8221; button_text_size_phone=&#8221;18px&#8221; button_text_size_last_edited=&#8221;on|phone&#8221; global_colors_info=&#8221;{}&#8221; button_border_color__hover_enabled=&#8221;on|desktop&#8221; button_bg_color__hover_enabled=&#8221;on|desktop&#8221; button_bg_color__hover=&#8221;#430404&#8243; button_bg_enable_color__hover=&#8221;on&#8221; button_border_color__hover=&#8221;#430404&#8243; transform_styles__hover_enabled=&#8221;on|hover&#8221; transform_scale__hover_enabled=&#8221;on|hover&#8221; transform_translate__hover_enabled=&#8221;on|hover&#8221; transform_rotate__hover_enabled=&#8221;on|hover&#8221; transform_skew__hover_enabled=&#8221;on|hover&#8221; transform_origin__hover_enabled=&#8221;on|hover&#8221; transform_scale__hover=&#8221;105%|105%&#8221; sticky_enabled=&#8221;0&#8243;][\/et_pb_button][\/et_pb_column][\/et_pb_row][\/et_pb_section][et_pb_section fb_built=&#8221;1&#8243; custom_padding_last_edited=&#8221;on|phone&#8221; next_background_color=&#8221;#ba7d20&#8243; _builder_version=&#8221;4.27.4&#8243; _module_preset=&#8221;default&#8221; background_image=&#8221;https:\/\/encontropilates.com.br\/lancamento2026\/wp-content\/uploads\/2025\/09\/background_expo_dom_pedro2026.jpg&#8221; background_position=&#8221;top_center&#8221; custom_padding=&#8221;200px||140px||false|false&#8221; custom_padding_tablet=&#8221;200px||120px||false|false&#8221; custom_padding_phone=&#8221;100px||40px||false|false&#8221; bottom_divider_style=&#8221;curve&#8221; bottom_divider_height=&#8221;50px&#8221; bottom_divider_flip=&#8221;vertical&#8221; bottom_divider_height_tablet=&#8221;50px&#8221; bottom_divider_height_phone=&#8221;20px&#8221; bottom_divider_height_last_edited=&#8221;on|phone&#8221; global_colors_info=&#8221;{}&#8221;][et_pb_row column_structure=&#8221;3_5,2_5&#8243; custom_padding_last_edited=&#8221;on|phone&#8221; _builder_version=&#8221;4.27.4&#8243; _module_preset=&#8221;default&#8221; width=&#8221;100%&#8221; max_width=&#8221;920px&#8221; module_alignment=&#8221;center&#8221; custom_padding_tablet=&#8221;|20px||20px|false|true&#8221; custom_padding_phone=&#8221;|25px||25px|false|true&#8221; global_colors_info=&#8221;{}&#8221;][et_pb_column type=&#8221;3_5&#8243; _builder_version=&#8221;4.27.4&#8243; _module_preset=&#8221;default&#8221; global_colors_info=&#8221;{}&#8221;][et_pb_text _builder_version=&#8221;4.27.4&#8243; _module_preset=&#8221;default&#8221; header_2_font=&#8221;Open Sans|700|||||||&#8221; header_2_text_align=&#8221;left&#8221; header_2_text_color=&#8221;#ba7d20&#8243; header_2_font_size=&#8221;34px&#8221; header_2_line_height=&#8221;1.2em&#8221; custom_margin=&#8221;||10px||false|false&#8221; header_2_font_size_tablet=&#8221;34px&#8221; header_2_font_size_phone=&#8221;26px&#8221; header_2_font_size_last_edited=&#8221;on|phone&#8221; global_colors_info=&#8221;{}&#8221;]<\/p>\n<h2>Local Pilates Legend 2026:<\/h2>\n<p>[\/et_pb_text][et_pb_text _builder_version=&#8221;4.27.4&#8243; _module_preset=&#8221;default&#8221; text_font=&#8221;Open Sans|300|||||||&#8221; text_text_color=&#8221;#FFFFFF&#8221; text_font_size=&#8221;22px&#8221; text_line_height=&#8221;1.4em&#8221; text_font_size_tablet=&#8221;22px&#8221; text_font_size_phone=&#8221;20px&#8221; text_font_size_last_edited=&#8221;on|phone&#8221; global_colors_info=&#8221;{}&#8221;]<\/p>\n<p><span style=\"font-weight: bold; font-size: 1.2em;\">EXPO DOM PEDRO<\/span><br \/>Avenida Guilherme Campos, 500 &#8211; Campinas\/SP<\/p>\n<p>[\/et_pb_text][\/et_pb_column][et_pb_column type=&#8221;2_5&#8243; disabled_on=&#8221;on|on|off&#8221; _builder_version=&#8221;4.27.4&#8243; _module_preset=&#8221;default&#8221; global_colors_info=&#8221;{}&#8221;][\/et_pb_column][\/et_pb_row][\/et_pb_section][et_pb_section fb_built=&#8221;1&#8243; custom_padding_last_edited=&#8221;on|phone&#8221; next_background_color=&#8221;#430404&#8243; _builder_version=&#8221;4.27.4&#8243; _module_preset=&#8221;default&#8221; background_color=&#8221;#ba7d20&#8243; custom_padding=&#8221;0px||120px||false|false&#8221; custom_padding_tablet=&#8221;80px||80px||false|&#8221; custom_padding_phone=&#8221;60px||60px||false|false&#8221; bottom_divider_style=&#8221;curve&#8221; bottom_divider_height=&#8221;60px&#8221; bottom_divider_flip=&#8221;vertical&#8221; bottom_divider_height_tablet=&#8221;60px&#8221; bottom_divider_height_phone=&#8221;20px&#8221; bottom_divider_height_last_edited=&#8221;on|phone&#8221; global_colors_info=&#8221;{}&#8221;][et_pb_row use_custom_gutter=&#8221;on&#8221; gutter_width=&#8221;2&#8243; custom_padding_last_edited=&#8221;on|phone&#8221; _builder_version=&#8221;4.27.4&#8243; _module_preset=&#8221;default&#8221; width=&#8221;100%&#8221; max_width=&#8221;620px&#8221; module_alignment=&#8221;center&#8221; custom_padding=&#8221;0px||0px||true|false&#8221; custom_padding_tablet=&#8221;0px|20px|0px|20px|true|true&#8221; custom_padding_phone=&#8221;0px|20px|0px|20px|true|true&#8221; global_colors_info=&#8221;{}&#8221;][et_pb_column type=&#8221;4_4&#8243; _builder_version=&#8221;4.27.4&#8243; _module_preset=&#8221;default&#8221; global_colors_info=&#8221;{}&#8221;][et_pb_image src=&#8221;https:\/\/encontropilates.com.br\/lancamento2026\/wp-content\/uploads\/2025\/09\/palestrante_lolita_san_miguel.png&#8221; align=&#8221;center&#8221; _builder_version=&#8221;4.27.4&#8243; _module_preset=&#8221;default&#8221; max_width=&#8221;210px&#8221; module_alignment=&#8221;center&#8221; custom_margin=&#8221;-80px||20px||false|false&#8221; custom_margin_tablet=&#8221;-80px||20px||false|false&#8221; custom_margin_phone=&#8221;-110px||20px||false|false&#8221; custom_margin_last_edited=&#8221;on|phone&#8221; global_colors_info=&#8221;{}&#8221;][\/et_pb_image][et_pb_text _builder_version=&#8221;4.27.4&#8243; _module_preset=&#8221;default&#8221; text_font=&#8221;Open Sans||||||||&#8221; text_text_color=&#8221;#FFFFFF&#8221; text_font_size=&#8221;24px&#8221; text_line_height=&#8221;1.5em&#8221; text_orientation=&#8221;center&#8221; text_font_size_tablet=&#8221;24px&#8221; text_font_size_phone=&#8221;19px&#8221; text_font_size_last_edited=&#8221;on|phone&#8221; global_colors_info=&#8221;{}&#8221;]<\/p>\n<p>Participa\u00e7\u00e3o especial de <span style=\"font-size: 1.5em; font-weight: 900; color: #430404;\">Lolita San Miguel<\/span> no Pilates Legend com Glaucia Adriana, \u00fanica discipula viva de Joseph Pilates!<\/p>\n<p>[\/et_pb_text][\/et_pb_column][\/et_pb_row][\/et_pb_section][et_pb_section fb_built=&#8221;1&#8243; custom_padding_last_edited=&#8221;on|phone&#8221; _builder_version=&#8221;4.27.4&#8243; _module_preset=&#8221;default&#8221; background_color=&#8221;#430404&#8243; custom_padding=&#8221;30px||0px||false|false&#8221; custom_padding_tablet=&#8221;80px||80px||false|&#8221; custom_padding_phone=&#8221;60px||40px||false|false&#8221; global_colors_info=&#8221;{}&#8221;][et_pb_row column_structure=&#8221;1_2,1_2&#8243; use_custom_gutter=&#8221;on&#8221; gutter_width=&#8221;2&#8243; custom_padding_last_edited=&#8221;on|phone&#8221; _builder_version=&#8221;4.27.4&#8243; _module_preset=&#8221;default&#8221; width=&#8221;100%&#8221; custom_padding=&#8221;0px||0px||true|false&#8221; custom_padding_tablet=&#8221;0px|20px|0px|20px|true|true&#8221; custom_padding_phone=&#8221;0px|20px|0px|20px|true|true&#8221; global_colors_info=&#8221;{}&#8221;][et_pb_column type=&#8221;1_2&#8243; _builder_version=&#8221;4.27.4&#8243; _module_preset=&#8221;default&#8221; global_colors_info=&#8221;{}&#8221;][et_pb_image src=&#8221;https:\/\/encontropilates.com.br\/lancamento2026\/wp-content\/uploads\/2025\/09\/GLAUCIA.webp&#8221; align=&#8221;center&#8221; _builder_version=&#8221;4.27.4&#8243; _module_preset=&#8221;default&#8221; max_width=&#8221;210px&#8221; module_alignment=&#8221;center&#8221; custom_margin=&#8221;||20px||false|false&#8221; global_colors_info=&#8221;{}&#8221;][\/et_pb_image][et_pb_text _builder_version=&#8221;4.27.4&#8243; _module_preset=&#8221;default&#8221; text_text_color=&#8221;#FFFFFF&#8221; text_font_size=&#8221;22px&#8221; text_line_height=&#8221;1.6em&#8221; text_orientation=&#8221;center&#8221; custom_margin=&#8221;||20px||false|false&#8221; global_colors_info=&#8221;{}&#8221;]<\/p>\n<p>Conhe\u00e7a<br \/><strong><span style=\"color: #bb671b; font-size: 1.4em;\">GLAUCIA ADRIANA<\/span><\/strong><\/p>\n<p>[\/et_pb_text][et_pb_text _builder_version=&#8221;4.27.4&#8243; _module_preset=&#8221;default&#8221; text_font=&#8221;Open Sans|300|||||||&#8221; text_text_color=&#8221;#FFFFFF&#8221; text_font_size=&#8221;16px&#8221; text_orientation=&#8221;center&#8221; global_colors_info=&#8221;{}&#8221;]<\/p>\n<p>A mais completa profissional de Pilates do Brasil. Glaucia Adriana \u00e9 fisioterapeuta, <strong>Structural Integrator (ATSI)<\/strong> e refer\u00eancia internacional em movimento. Ser\u00e1 a primeira brasileira a estrear no Pilates Legend, evento que re\u00fane as maiores lendas vivas do m\u00e9todo.<\/p>\n<p>Sua trajet\u00f3ria \u00e9 marcada por pioneirismo e excel\u00eancia. Iniciou seus estudos em Pilates em 2001 pela <strong>Body Arts and Science International\u00ae (BASI)<\/strong>, na Calif\u00f3rnia, com Rael Isacowitz, e em 2003 completou sua certifica\u00e7\u00e3o pela Stott Pilates\u00ae. \u00c9 instrutora certificada de GYROTONIC\u00ae, tendo estudado diretamente com o criador do m\u00e9todo, Juliu Horvath, al\u00e9m de tamb\u00e9m ser certificada em Gyrokinesis\u00ae, Leg Extension Unit\u00ae e Vayu Aerial\u00ae.<\/p>\n<p>[\/et_pb_text][\/et_pb_column][et_pb_column type=&#8221;1_2&#8243; _builder_version=&#8221;4.27.4&#8243; _module_preset=&#8221;default&#8221; global_colors_info=&#8221;{}&#8221;][et_pb_image src=&#8221;https:\/\/encontropilates.com.br\/lancamento2026\/wp-content\/uploads\/2025\/09\/LISA.webp&#8221; align=&#8221;center&#8221; _builder_version=&#8221;4.27.4&#8243; _module_preset=&#8221;default&#8221; max_width=&#8221;210px&#8221; module_alignment=&#8221;center&#8221; custom_margin=&#8221;||20px||false|false&#8221; global_colors_info=&#8221;{}&#8221;][\/et_pb_image][et_pb_text _builder_version=&#8221;4.27.4&#8243; _module_preset=&#8221;default&#8221; text_text_color=&#8221;#FFFFFF&#8221; text_font_size=&#8221;22px&#8221; text_line_height=&#8221;1.6em&#8221; text_orientation=&#8221;center&#8221; custom_margin=&#8221;||20px||false|false&#8221; global_colors_info=&#8221;{}&#8221;]Conhe\u00e7a<br \/>\n<strong><span style=\"color: #bb671b; font-size: 1.4em;\">Lisa Hubbard<\/span><\/strong>[\/et_pb_text][et_pb_text _builder_version=&#8221;4.27.4&#8243; _module_preset=&#8221;default&#8221; text_font=&#8221;Open Sans|300|||||||&#8221; text_text_color=&#8221;#FFFFFF&#8221; text_font_size=&#8221;16px&#8221; text_orientation=&#8221;center&#8221; global_colors_info=&#8221;{}&#8221;]Lisa Hubbard tem 55 anos e \u00e9 refer\u00eancia mundial em Pilates. Criadora do <strong>Rhythm Pilates\u00ae<\/strong> e membro da equipe de professores afiliados da <strong>BASI Pilates\u00ae<\/strong>, ela soma mais de 25 anos dedicados a compartilhar sua paix\u00e3o pelo m\u00e9todo e a formar novos instrutores ao redor do mundo.<\/p>\n<p>Palestrante internacional, j\u00e1 foi Main Speaker na \u00c1sia, Europa e Estados Unidos, incluindo Balanced Body\u2019s Pilates on Tour e Pilates in Asia.<\/p>\n<p>Sua trajet\u00f3ria \u00e9 marcada por conquistas expressivas: \u00e9 <strong>BODi Trainer<\/strong>, instrutora da <strong>Pilates Anytime, NCPT<\/strong>, professora licenciada de <strong>GYROTONIC\u00ae<\/strong> e certificada em yoga. Esse repert\u00f3rio multidisciplinar a posiciona como uma profissional \u00fanica.[\/et_pb_text][\/et_pb_column][\/et_pb_row][\/et_pb_section][et_pb_section fb_built=&#8221;1&#8243; custom_padding_last_edited=&#8221;on|phone&#8221; _builder_version=&#8221;4.27.4&#8243; _module_preset=&#8221;default&#8221; background_image=&#8221;https:\/\/encontropilates.com.br\/lancamento2026\/wp-content\/uploads\/2025\/09\/background_glaucia.jpg&#8221; custom_padding=&#8221;120px||60px||false|&#8221; custom_padding_tablet=&#8221;120px||||false|false&#8221; custom_padding_phone=&#8221;80px||||false|false&#8221; top_divider_style=&#8221;curve&#8221; top_divider_color=&#8221;#430404&#8243; top_divider_height=&#8221;60px&#8221; top_divider_height_tablet=&#8221;60px&#8221; top_divider_height_phone=&#8221;25px&#8221; top_divider_height_last_edited=&#8221;on|phone&#8221; global_colors_info=&#8221;{}&#8221;][et_pb_row custom_padding_last_edited=&#8221;on|phone&#8221; _builder_version=&#8221;4.27.4&#8243; _module_preset=&#8221;default&#8221; width=&#8221;100%&#8221; max_width=&#8221;777px&#8221; module_alignment=&#8221;center&#8221; custom_padding=&#8221;0px||0px||true|false&#8221; custom_padding_tablet=&#8221;0px||0px||true|false&#8221; custom_padding_phone=&#8221;0px|20px|0px|20px|true|true&#8221; global_colors_info=&#8221;{}&#8221;][et_pb_column type=&#8221;4_4&#8243; _builder_version=&#8221;4.27.4&#8243; _module_preset=&#8221;default&#8221; global_colors_info=&#8221;{}&#8221;][et_pb_text _builder_version=&#8221;4.27.4&#8243; _module_preset=&#8221;default&#8221; text_text_color=&#8221;#000000&#8243; text_font_size=&#8221;17px&#8221; header_2_font=&#8221;Open Sans|800|||||||&#8221; header_2_text_color=&#8221;#000000&#8243; header_2_font_size=&#8221;40px&#8221; header_2_line_height=&#8221;1.2em&#8221; text_orientation=&#8221;center&#8221; custom_margin=&#8221;||10px||false|false&#8221; header_2_font_size_tablet=&#8221;40px&#8221; header_2_font_size_phone=&#8221;32px&#8221; header_2_font_size_last_edited=&#8221;on|phone&#8221; global_colors_info=&#8221;{}&#8221;]<\/p>\n<h2>N\u00c3O SE ESQUE\u00c7A:<\/h2>\n<p>[\/et_pb_text][et_pb_text _builder_version=&#8221;4.27.4&#8243; _module_preset=&#8221;default&#8221; text_font=&#8221;|700|||||||&#8221; text_text_color=&#8221;#FFFFFF&#8221; text_font_size=&#8221;25px&#8221; text_line_height=&#8221;1.4em&#8221; text_orientation=&#8221;center&#8221; module_alignment=&#8221;center&#8221; custom_margin=&#8221;||0px||false|false&#8221; text_font_size_tablet=&#8221;25px&#8221; text_font_size_phone=&#8221;19px&#8221; text_font_size_last_edited=&#8221;on|phone&#8221; global_colors_info=&#8221;{}&#8221;]<\/p>\n<p><span style=\"font-size: 1.3em;\"><span style=\"color: #460503; font-size: 1.5em; font-weight: 900;\">27<\/span> de <span style=\"color: #460503; font-size: 1.5em; font-weight: 900;\">Agosto<\/span> de 2026<\/span><br \/>na Expo Dom Pedro em Campinas, SP<\/p>\n<p>[\/et_pb_text][et_pb_text _builder_version=&#8221;4.27.4&#8243; _module_preset=&#8221;default&#8221; text_font=&#8221;Open Sans||||||||&#8221; text_text_color=&#8221;#000000&#8243; text_font_size=&#8221;24px&#8221; text_line_height=&#8221;1.3em&#8221; text_orientation=&#8221;center&#8221; max_width_tablet=&#8221;&#8221; max_width_phone=&#8221;300px&#8221; max_width_last_edited=&#8221;on|phone&#8221; module_alignment=&#8221;center&#8221; text_font_size_tablet=&#8221;24px&#8221; text_font_size_phone=&#8221;22px&#8221; text_font_size_last_edited=&#8221;on|phone&#8221; global_colors_info=&#8221;{}&#8221;]<\/p>\n<p>Das 09h \u00e0s 17h com intervalo entre 12 e 14h.<\/p>\n<p>[\/et_pb_text][\/et_pb_column][\/et_pb_row][\/et_pb_section][et_pb_section fb_built=&#8221;1&#8243; custom_padding_last_edited=&#8221;on|phone&#8221; _builder_version=&#8221;4.27.4&#8243; _module_preset=&#8221;default&#8221; background_image=&#8221;https:\/\/encontropilates.com.br\/lancamento2026\/wp-content\/uploads\/2025\/09\/BG-1.webp&#8221; custom_margin=&#8221;||||false|false&#8221; custom_padding=&#8221;0px||60px||false|false&#8221; custom_padding_tablet=&#8221;0px||60px||false|false&#8221; custom_padding_phone=&#8221;40px||40px||true|false&#8221; global_colors_info=&#8221;{}&#8221;][et_pb_row column_structure=&#8221;3_5,2_5&#8243; use_custom_gutter=&#8221;on&#8221; gutter_width=&#8221;2&#8243; custom_padding_last_edited=&#8221;on|phone&#8221; _builder_version=&#8221;4.27.4&#8243; _module_preset=&#8221;default&#8221; width=&#8221;100%&#8221; max_width=&#8221;760px&#8221; module_alignment=&#8221;center&#8221; custom_padding=&#8221;0px||0px||true|false&#8221; custom_padding_tablet=&#8221;0px||0px||true|false&#8221; custom_padding_phone=&#8221;0px|20px|0px|20px|true|true&#8221; custom_css_main_element=&#8221;display: flex;||flex-direction: row;||justify-content: center;||align-items: center;||flex-wrap: wrap;&#8221; global_colors_info=&#8221;{}&#8221;][et_pb_column type=&#8221;3_5&#8243; _builder_version=&#8221;4.27.4&#8243; _module_preset=&#8221;default&#8221; global_colors_info=&#8221;{}&#8221;][et_pb_text _builder_version=&#8221;4.27.4&#8243; _module_preset=&#8221;default&#8221; text_font=&#8221;Open Sans|800|||||||&#8221; text_text_color=&#8221;#c8741e&#8221; text_font_size=&#8221;42px&#8221; text_line_height=&#8221;1.2em&#8221; header_2_font=&#8221;Open Sans|700|||||||&#8221; max_width=&#8221;360px&#8221; module_alignment=&#8221;center&#8221; text_font_size_tablet=&#8221;42px&#8221; text_font_size_phone=&#8221;30px&#8221; text_font_size_last_edited=&#8221;on|phone&#8221; header_2_font_size_last_edited=&#8221;off|phone&#8221; text_orientation_tablet=&#8221;&#8221; text_orientation_phone=&#8221;center&#8221; text_orientation_last_edited=&#8221;on|phone&#8221; global_colors_info=&#8221;{}&#8221;]<\/p>\n<p>COMO POSSO ME INSCREVER?<\/p>\n<p>[\/et_pb_text][\/et_pb_column][et_pb_column type=&#8221;2_5&#8243; _builder_version=&#8221;4.27.4&#8243; _module_preset=&#8221;default&#8221; global_colors_info=&#8221;{}&#8221;][et_pb_image src=&#8221;https:\/\/encontropilates.com.br\/lancamento2026\/wp-content\/uploads\/2025\/09\/cracha_legend.png&#8221; align=&#8221;center&#8221; _builder_version=&#8221;4.27.4&#8243; _module_preset=&#8221;default&#8221; max_width_tablet=&#8221;&#8221; max_width_phone=&#8221;260px&#8221; max_width_last_edited=&#8221;on|phone&#8221; global_colors_info=&#8221;{}&#8221;][\/et_pb_image][\/et_pb_column][\/et_pb_row][et_pb_row custom_padding_last_edited=&#8221;on|phone&#8221; _builder_version=&#8221;4.27.4&#8243; _module_preset=&#8221;default&#8221; width=&#8221;100%&#8221; max_width=&#8221;620px&#8221; module_alignment=&#8221;center&#8221; custom_padding=&#8221;0px||||false|false&#8221; custom_padding_tablet=&#8221;&#8221; custom_padding_phone=&#8221;0px|20px|0px|20px|true|true&#8221; global_colors_info=&#8221;{}&#8221;][et_pb_column type=&#8221;4_4&#8243; _builder_version=&#8221;4.27.4&#8243; _module_preset=&#8221;default&#8221; global_colors_info=&#8221;{}&#8221;][et_pb_text _builder_version=&#8221;4.27.4&#8243; _module_preset=&#8221;default&#8221; text_font=&#8221;Open Sans||||||||&#8221; text_text_color=&#8221;#1f1f1f&#8221; text_font_size=&#8221;22px&#8221; text_line_height=&#8221;1.4em&#8221; text_orientation=&#8221;center&#8221; module_alignment=&#8221;center&#8221; custom_margin=&#8221;||30px||false|false&#8221; text_font_size_tablet=&#8221;22px&#8221; text_font_size_phone=&#8221;20px&#8221; text_font_size_last_edited=&#8221;on|phone&#8221; global_colors_info=&#8221;{}&#8221;]<\/p>\n<p>O Pilates Legend 2026 ser\u00e1 exclusivo para os participantes do <span style=\"color: #ca7723; font-weight: 900;\">Encontro Brasileiro de Pilates na categoria VIP<\/span>. Essa \u00e9 a \u00fanica forma de voc\u00ea participar.<\/p>\n<p><strong>Quando voc\u00ea adquirir o ingresso VIP <span style=\"text-decoration: underline;\"><span style=\"color: #ca7723; text-decoration: underline;\">automaticamente<\/span> <\/span>voc\u00ea j\u00e1 se inscreveu no Pilates Legend 2026.<\/strong><\/p>\n<p>[\/et_pb_text][et_pb_button button_url=&#8221;#&#8221; button_text=&#8221;VAGAS ESGOTADAS&#8221; button_alignment=&#8221;center&#8221; _builder_version=&#8221;4.27.4&#8243; _module_preset=&#8221;default&#8221; custom_button=&#8221;on&#8221; button_text_size=&#8221;22px&#8221; button_text_color=&#8221;#FFFFFF&#8221; button_bg_color=&#8221;#5e0000&#8243; button_border_color=&#8221;#5e0000&#8243; button_font=&#8221;|800|||||||&#8221; button_use_icon=&#8221;off&#8221; hover_transition_duration=&#8221;250ms&#8221; hover_transition_speed_curve=&#8221;ease-in-out&#8221; hover_enabled=&#8221;0&#8243; button_text_size_tablet=&#8221;22px&#8221; button_text_size_phone=&#8221;18px&#8221; button_text_size_last_edited=&#8221;on|phone&#8221; global_colors_info=&#8221;{}&#8221; button_border_color__hover_enabled=&#8221;on|desktop&#8221; button_bg_color__hover_enabled=&#8221;on|desktop&#8221; button_bg_color__hover=&#8221;#430404&#8243; button_bg_enable_color__hover=&#8221;on&#8221; button_border_color__hover=&#8221;#430404&#8243; transform_styles__hover_enabled=&#8221;on|hover&#8221; transform_scale__hover_enabled=&#8221;on|hover&#8221; transform_translate__hover_enabled=&#8221;on|hover&#8221; transform_rotate__hover_enabled=&#8221;on|hover&#8221; transform_skew__hover_enabled=&#8221;on|hover&#8221; transform_origin__hover_enabled=&#8221;on|hover&#8221; transform_scale__hover=&#8221;105%|105%&#8221; sticky_enabled=&#8221;0&#8243;][\/et_pb_button][\/et_pb_column][\/et_pb_row][\/et_pb_section][et_pb_section fb_built=&#8221;1&#8243; _builder_version=&#8221;4.27.4&#8243; _module_preset=&#8221;default&#8221; background_image=&#8221;https:\/\/encontropilates.com.br\/lancamento2026\/wp-content\/uploads\/2025\/09\/background_certificado.jpg&#8221; custom_padding=&#8221;0px||0px||true|false&#8221; global_colors_info=&#8221;{}&#8221;][et_pb_row column_structure=&#8221;1_2,1_2&#8243; custom_padding_last_edited=&#8221;on|phone&#8221; _builder_version=&#8221;4.27.4&#8243; _module_preset=&#8221;default&#8221; width=&#8221;100%&#8221; max_width=&#8221;920px&#8221; module_alignment=&#8221;center&#8221; custom_padding=&#8221;0px||0px||true|false&#8221; custom_padding_tablet=&#8221;0px|20px|0px|20px|true|true&#8221; custom_padding_phone=&#8221;40px|20px|0px|20px|false|true&#8221; custom_css_main_element=&#8221;display: flex;||flex-direction: row;||justify-content: center;||align-items: center;||flex-wrap: wrap;&#8221; global_colors_info=&#8221;{}&#8221;][et_pb_column type=&#8221;1_2&#8243; _builder_version=&#8221;4.27.4&#8243; _module_preset=&#8221;default&#8221; global_colors_info=&#8221;{}&#8221;][et_pb_image src=&#8221;https:\/\/encontropilates.com.br\/lancamento2026\/wp-content\/uploads\/2025\/09\/icone_certificado.webp&#8221; align=&#8221;center&#8221; _builder_version=&#8221;4.27.4&#8243; _module_preset=&#8221;default&#8221; max_width=&#8221;120px&#8221; module_alignment=&#8221;center&#8221; custom_margin=&#8221;||15px||false|false&#8221; global_colors_info=&#8221;{}&#8221;][\/et_pb_image][et_pb_text _builder_version=&#8221;4.27.4&#8243; _module_preset=&#8221;default&#8221; text_font=&#8221;Open Sans|300|||||||&#8221; text_text_color=&#8221;#FFFFFF&#8221; text_font_size=&#8221;20px&#8221; text_orientation=&#8221;center&#8221; max_width=&#8221;255px&#8221; module_alignment=&#8221;center&#8221; global_colors_info=&#8221;{}&#8221;]Certificado de participa\u00e7\u00e3o de 7 horas, reconhecido pelo Grupo VOLL.[\/et_pb_text][et_pb_image src=&#8221;https:\/\/encontropilates.com.br\/lancamento2026\/wp-content\/uploads\/2025\/09\/icone_TRADUCAO.webp&#8221; align=&#8221;center&#8221; _builder_version=&#8221;4.27.4&#8243; _module_preset=&#8221;default&#8221; max_width=&#8221;120px&#8221; module_alignment=&#8221;center&#8221; custom_margin=&#8221;||15px||false|false&#8221; global_colors_info=&#8221;{}&#8221;][\/et_pb_image][et_pb_text _builder_version=&#8221;4.27.4&#8243; _module_preset=&#8221;default&#8221; text_font=&#8221;Open Sans|300|||||||&#8221; text_text_color=&#8221;#FFFFFF&#8221; text_font_size=&#8221;20px&#8221; text_orientation=&#8221;center&#8221; max_width=&#8221;255px&#8221; module_alignment=&#8221;center&#8221; global_colors_info=&#8221;{}&#8221;]Tradu\u00e7\u00e3o simult\u00e2nea[\/et_pb_text][\/et_pb_column][et_pb_column type=&#8221;1_2&#8243; _builder_version=&#8221;4.27.4&#8243; _module_preset=&#8221;default&#8221; global_colors_info=&#8221;{}&#8221;][et_pb_image src=&#8221;https:\/\/encontropilates.com.br\/lancamento2026\/wp-content\/uploads\/2025\/09\/mulher-com-certificado.png&#8221; align=&#8221;center&#8221; _builder_version=&#8221;4.27.4&#8243; _module_preset=&#8221;default&#8221; max_width=&#8221;380px&#8221; max_width_tablet=&#8221;380px&#8221; max_width_phone=&#8221;300px&#8221; max_width_last_edited=&#8221;on|phone&#8221; module_alignment=&#8221;center&#8221; custom_margin=&#8221;-25px||||false|false&#8221; custom_margin_tablet=&#8221;-25px||||false|false&#8221; custom_margin_phone=&#8221;0px||||false|false&#8221; custom_margin_last_edited=&#8221;on|phone&#8221; global_colors_info=&#8221;{}&#8221;][\/et_pb_image][\/et_pb_column][\/et_pb_row][\/et_pb_section]<\/p>\n","protected":false},"excerpt":{"rendered":"<p>Pr\u00e9-Confer\u00eancia Exclusiva para congressistas categoria VIP dentro do Encontro Brasileiro de Pilates27 de agosto de 2026PROGRAMA\u00c7\u00c3O PILATES LEGEND 2026<div class=\"et_pb_module dvmd_table_maker dvmd_table_maker_0 dvmd_tm_version_3_0_3\">\n\t\t\t\t\n\t\t\t\t\n\t\t\t\t\n\t\t\t\t\n\t\t\t\t\n\t\t\t\t\n\t\t\t\t<div class=\"et_pb_module_inner\">\n\t\t\t\t\t<div\r\n                    role=\"table\"\r\n                    class=\"dvmd_tm_table dvmd_preload dvmd_tm_max_width_980 dvmd_tm_breakby_row dvmd_tm_blocks\"\r\n                    \r\n                    \r\n                    aria-rowcount=\"1\"\r\n                    aria-colcount=\"3\">\r\n                        <div class=\"dvmd_tm_tblock dvmd_tm_tblock_0 dvmd_tm_rblock\" role=\"rowgroup\">\r\n                        <div class=\"dvmd_tm_trow dvmd_tm_trow_0\" role=\"row\" aria-rowindex=\"1\"><div aria-colindex=\"1\" aria-rowindex=\"1\" role=\"cell\" class=\"dvmd_table_maker_item_0 dvmd_tm_tcell dvmd_tm_tdata dvmd_tm_col_0 dvmd_tm_row_0 dvmd_tm_col_first dvmd_tm_row_first dvmd_tm_col_odd dvmd_tm_row_odd \"><div class=\"dvmd_tm_cdata\">Hor&aacute;rio 9h &agrave;s 12h 12h &agrave;s 14h 14h &agrave;s 17h<\/div><\/div>\n<div aria-colindex=\"2\" aria-rowindex=\"1\" role=\"cell\" class=\"dvmd_table_maker_item_1 dvmd_tm_tcell dvmd_tm_tdata dvmd_tm_col_1 dvmd_tm_row_0 dvmd_tm_row_first dvmd_tm_col_even dvmd_tm_row_odd \"><div class=\"dvmd_tm_cdata\">Sala 1 | Lisa Hubbard Reformer Remix: Inspirando sequ&ecirc;ncias desafiadoras com pequenos acess&oacute;rios INTERVALO Reformer Remix: Inspirando sequ&ecirc;ncias desafiadoras com pequenos acess&oacute;rios<\/div><\/div>\n<div aria-colindex=\"3\" aria-rowindex=\"1\" role=\"cell\" class=\"dvmd_table_maker_item_2 dvmd_tm_tcell dvmd_tm_tdata dvmd_tm_col_2 dvmd_tm_row_0 dvmd_tm_col_last dvmd_tm_row_first dvmd_tm_col_odd dvmd_tm_row_odd \"><div class=\"dvmd_tm_cdata\">Sala 2 | Glaucia Adriana O Legado de Lolita San Miguel - Participa&ccedil;&atilde;o Especial de Lolita O Legado de Lolita San Miguel - Participa&ccedil;&atilde;o Especial de Lolita<\/div><\/div>\n<\/div>\r\n                    <\/div>\r\n                <\/div>\n\t\t\t\t<\/div>\n\t\t\t<\/div>De manh\u00e3 com uma profissional e a tarde com outra! Demais, n\u00e9? Essa \u00e9 a edi\u00e7\u00e3o especial 2026.Local Pilates Legend 2026:EXPO DOM PEDROAvenida Guilherme Campos, 500 &#8211; Campinas\/SPParticipa\u00e7\u00e3o especial de Lolita San Miguel no Pilates Legend com Glaucia Adriana, \u00fanica discipula viva de Joseph Pilates!Conhe\u00e7aGLAUCIA ADRIANAA mais completa profissional de Pilates do Brasil. Glaucia Adriana \u00e9 fisioterapeuta, Structural Integrator (ATSI) e refer\u00eancia internacional em movimento. Ser\u00e1 a primeira brasileira a estrear no Pilates Legend, evento [&hellip;]<\/p>\n","protected":false},"author":3,"featured_media":244577,"parent":0,"menu_order":0,"comment_status":"closed","ping_status":"closed","template":"","meta":{"_et_pb_use_builder":"on","_et_pb_old_content":"","_et_gb_content_width":"","footnotes":""},"class_list":["post-244501","page","type-page","status-publish","has-post-thumbnail","hentry"],"yoast_head":"<!-- This site is optimized with the Yoast SEO plugin v26.9 - https:\/\/yoast.com\/product\/yoast-seo-wordpress\/ -->\n<title>Pilates Legend 2026 com Glaucia Adriana e Lisa Hubbard<\/title>\n<meta name=\"description\" content=\"Pr\u00e9-Confer\u00eancia do Pilates Legend com Glaucia Adriana e Lisa Hubbard, exclusiva para congressistas VIP do Encontro Brasileiro de Pilates.\" \/>\n<meta name=\"robots\" content=\"index, follow, max-snippet:-1, max-image-preview:large, max-video-preview:-1\" \/>\n<link rel=\"canonical\" href=\"https:\/\/encontropilates.com.br\/lancamento2026\/pilates-legend-2026\/\" \/>\n<meta property=\"og:locale\" content=\"pt_BR\" \/>\n<meta property=\"og:type\" content=\"article\" \/>\n<meta property=\"og:title\" content=\"Pilates Legend 2026 com Glaucia Adriana e Lisa Hubbard\" \/>\n<meta property=\"og:description\" content=\"Pr\u00e9-Confer\u00eancia do Pilates Legend com Glaucia Adriana e Lisa Hubbard, exclusiva para congressistas VIP do Encontro Brasileiro de Pilates.\" \/>\n<meta property=\"og:url\" content=\"https:\/\/encontropilates.com.br\/lancamento2026\/pilates-legend-2026\/\" \/>\n<meta property=\"og:site_name\" content=\"Encontro Brasileiro de Pilates\" \/>\n<meta property=\"article:modified_time\" content=\"2025-10-27T12:47:27+00:00\" \/>\n<meta property=\"og:image\" content=\"https:\/\/encontropilates.com.br\/lancamento2026\/wp-content\/uploads\/2025\/09\/capa_seo_pilates_legend.jpg\" \/>\n\t<meta property=\"og:image:width\" content=\"600\" \/>\n\t<meta property=\"og:image:height\" content=\"340\" \/>\n\t<meta property=\"og:image:type\" content=\"image\/jpeg\" \/>\n<meta name=\"twitter:card\" content=\"summary_large_image\" \/>\n<meta name=\"twitter:label1\" content=\"Est. tempo de leitura\" \/>\n\t<meta name=\"twitter:data1\" content=\"5 minutos\" \/>\n<script type=\"application\/ld+json\" class=\"yoast-schema-graph\">{\"@context\":\"https:\/\/schema.org\",\"@graph\":[{\"@type\":\"WebPage\",\"@id\":\"https:\/\/encontropilates.com.br\/lancamento2026\/pilates-legend-2026\/\",\"url\":\"https:\/\/encontropilates.com.br\/lancamento2026\/pilates-legend-2026\/\",\"name\":\"Pilates Legend 2026 com Glaucia Adriana e Lisa Hubbard\",\"isPartOf\":{\"@id\":\"https:\/\/encontropilates.com.br\/lancamento2026\/#website\"},\"primaryImageOfPage\":{\"@id\":\"https:\/\/encontropilates.com.br\/lancamento2026\/pilates-legend-2026\/#primaryimage\"},\"image\":{\"@id\":\"https:\/\/encontropilates.com.br\/lancamento2026\/pilates-legend-2026\/#primaryimage\"},\"thumbnailUrl\":\"https:\/\/encontropilates.com.br\/lancamento2026\/wp-content\/uploads\/2025\/09\/capa_seo_pilates_legend.jpg\",\"datePublished\":\"2025-09-02T18:40:13+00:00\",\"dateModified\":\"2025-10-27T12:47:27+00:00\",\"description\":\"Pr\u00e9-Confer\u00eancia do Pilates Legend com Glaucia Adriana e Lisa Hubbard, exclusiva para congressistas VIP do Encontro Brasileiro de Pilates.\",\"breadcrumb\":{\"@id\":\"https:\/\/encontropilates.com.br\/lancamento2026\/pilates-legend-2026\/#breadcrumb\"},\"inLanguage\":\"pt-BR\",\"potentialAction\":[{\"@type\":\"ReadAction\",\"target\":[\"https:\/\/encontropilates.com.br\/lancamento2026\/pilates-legend-2026\/\"]}]},{\"@type\":\"ImageObject\",\"inLanguage\":\"pt-BR\",\"@id\":\"https:\/\/encontropilates.com.br\/lancamento2026\/pilates-legend-2026\/#primaryimage\",\"url\":\"https:\/\/encontropilates.com.br\/lancamento2026\/wp-content\/uploads\/2025\/09\/capa_seo_pilates_legend.jpg\",\"contentUrl\":\"https:\/\/encontropilates.com.br\/lancamento2026\/wp-content\/uploads\/2025\/09\/capa_seo_pilates_legend.jpg\",\"width\":600,\"height\":340},{\"@type\":\"BreadcrumbList\",\"@id\":\"https:\/\/encontropilates.com.br\/lancamento2026\/pilates-legend-2026\/#breadcrumb\",\"itemListElement\":[{\"@type\":\"ListItem\",\"position\":1,\"name\":\"In\u00edcio\",\"item\":\"https:\/\/encontropilates.com.br\/lancamento2026\/\"},{\"@type\":\"ListItem\",\"position\":2,\"name\":\"Pilates Legend 2026\"}]},{\"@type\":\"WebSite\",\"@id\":\"https:\/\/encontropilates.com.br\/lancamento2026\/#website\",\"url\":\"https:\/\/encontropilates.com.br\/lancamento2026\/\",\"name\":\"Encontro Brasileiro de Pilates\",\"description\":\"O maior evento de Pilates da Am\u00e9rica do Sul com os maiores profissionais renomados do mundo!\",\"potentialAction\":[{\"@type\":\"SearchAction\",\"target\":{\"@type\":\"EntryPoint\",\"urlTemplate\":\"https:\/\/encontropilates.com.br\/lancamento2026\/?s={search_term_string}\"},\"query-input\":{\"@type\":\"PropertyValueSpecification\",\"valueRequired\":true,\"valueName\":\"search_term_string\"}}],\"inLanguage\":\"pt-BR\"}]}<\/script>\n<!-- \/ Yoast SEO plugin. -->","yoast_head_json":{"title":"Pilates Legend 2026 com Glaucia Adriana e Lisa Hubbard","description":"Pr\u00e9-Confer\u00eancia do Pilates Legend com Glaucia Adriana e Lisa Hubbard, exclusiva para congressistas VIP do Encontro Brasileiro de Pilates.","robots":{"index":"index","follow":"follow","max-snippet":"max-snippet:-1","max-image-preview":"max-image-preview:large","max-video-preview":"max-video-preview:-1"},"canonical":"https:\/\/encontropilates.com.br\/lancamento2026\/pilates-legend-2026\/","og_locale":"pt_BR","og_type":"article","og_title":"Pilates Legend 2026 com Glaucia Adriana e Lisa Hubbard","og_description":"Pr\u00e9-Confer\u00eancia do Pilates Legend com Glaucia Adriana e Lisa Hubbard, exclusiva para congressistas VIP do Encontro Brasileiro de Pilates.","og_url":"https:\/\/encontropilates.com.br\/lancamento2026\/pilates-legend-2026\/","og_site_name":"Encontro Brasileiro de Pilates","article_modified_time":"2025-10-27T12:47:27+00:00","og_image":[{"width":600,"height":340,"url":"https:\/\/encontropilates.com.br\/lancamento2026\/wp-content\/uploads\/2025\/09\/capa_seo_pilates_legend.jpg","type":"image\/jpeg"}],"twitter_card":"summary_large_image","twitter_misc":{"Est. tempo de leitura":"5 minutos"},"schema":{"@context":"https:\/\/schema.org","@graph":[{"@type":"WebPage","@id":"https:\/\/encontropilates.com.br\/lancamento2026\/pilates-legend-2026\/","url":"https:\/\/encontropilates.com.br\/lancamento2026\/pilates-legend-2026\/","name":"Pilates Legend 2026 com Glaucia Adriana e Lisa Hubbard","isPartOf":{"@id":"https:\/\/encontropilates.com.br\/lancamento2026\/#website"},"primaryImageOfPage":{"@id":"https:\/\/encontropilates.com.br\/lancamento2026\/pilates-legend-2026\/#primaryimage"},"image":{"@id":"https:\/\/encontropilates.com.br\/lancamento2026\/pilates-legend-2026\/#primaryimage"},"thumbnailUrl":"https:\/\/encontropilates.com.br\/lancamento2026\/wp-content\/uploads\/2025\/09\/capa_seo_pilates_legend.jpg","datePublished":"2025-09-02T18:40:13+00:00","dateModified":"2025-10-27T12:47:27+00:00","description":"Pr\u00e9-Confer\u00eancia do Pilates Legend com Glaucia Adriana e Lisa Hubbard, exclusiva para congressistas VIP do Encontro Brasileiro de Pilates.","breadcrumb":{"@id":"https:\/\/encontropilates.com.br\/lancamento2026\/pilates-legend-2026\/#breadcrumb"},"inLanguage":"pt-BR","potentialAction":[{"@type":"ReadAction","target":["https:\/\/encontropilates.com.br\/lancamento2026\/pilates-legend-2026\/"]}]},{"@type":"ImageObject","inLanguage":"pt-BR","@id":"https:\/\/encontropilates.com.br\/lancamento2026\/pilates-legend-2026\/#primaryimage","url":"https:\/\/encontropilates.com.br\/lancamento2026\/wp-content\/uploads\/2025\/09\/capa_seo_pilates_legend.jpg","contentUrl":"https:\/\/encontropilates.com.br\/lancamento2026\/wp-content\/uploads\/2025\/09\/capa_seo_pilates_legend.jpg","width":600,"height":340},{"@type":"BreadcrumbList","@id":"https:\/\/encontropilates.com.br\/lancamento2026\/pilates-legend-2026\/#breadcrumb","itemListElement":[{"@type":"ListItem","position":1,"name":"In\u00edcio","item":"https:\/\/encontropilates.com.br\/lancamento2026\/"},{"@type":"ListItem","position":2,"name":"Pilates Legend 2026"}]},{"@type":"WebSite","@id":"https:\/\/encontropilates.com.br\/lancamento2026\/#website","url":"https:\/\/encontropilates.com.br\/lancamento2026\/","name":"Encontro Brasileiro de Pilates","description":"O maior evento de Pilates da Am\u00e9rica do Sul com os maiores profissionais renomados do mundo!","potentialAction":[{"@type":"SearchAction","target":{"@type":"EntryPoint","urlTemplate":"https:\/\/encontropilates.com.br\/lancamento2026\/?s={search_term_string}"},"query-input":{"@type":"PropertyValueSpecification","valueRequired":true,"valueName":"search_term_string"}}],"inLanguage":"pt-BR"}]}},"_links":{"self":[{"href":"https:\/\/encontropilates.com.br\/lancamento2026\/wp-json\/wp\/v2\/pages\/244501","targetHints":{"allow":["GET"]}}],"collection":[{"href":"https:\/\/encontropilates.com.br\/lancamento2026\/wp-json\/wp\/v2\/pages"}],"about":[{"href":"https:\/\/encontropilates.com.br\/lancamento2026\/wp-json\/wp\/v2\/types\/page"}],"author":[{"embeddable":true,"href":"https:\/\/encontropilates.com.br\/lancamento2026\/wp-json\/wp\/v2\/users\/3"}],"replies":[{"embeddable":true,"href":"https:\/\/encontropilates.com.br\/lancamento2026\/wp-json\/wp\/v2\/comments?post=244501"}],"version-history":[{"count":48,"href":"https:\/\/encontropilates.com.br\/lancamento2026\/wp-json\/wp\/v2\/pages\/244501\/revisions"}],"predecessor-version":[{"id":244838,"href":"https:\/\/encontropilates.com.br\/lancamento2026\/wp-json\/wp\/v2\/pages\/244501\/revisions\/244838"}],"wp:featuredmedia":[{"embeddable":true,"href":"https:\/\/encontropilates.com.br\/lancamento2026\/wp-json\/wp\/v2\/media\/244577"}],"wp:attachment":[{"href":"https:\/\/encontropilates.com.br\/lancamento2026\/wp-json\/wp\/v2\/media?parent=244501"}],"curies":[{"name":"wp","href":"https:\/\/api.w.org\/{rel}","templated":true}]}}